{"id":81,"date":"2017-05-03T10:52:23","date_gmt":"2017-05-03T10:52:23","guid":{"rendered":"http:\/\/www.nexearquitectura.com\/?page_id=81"},"modified":"2018-09-20T09:22:10","modified_gmt":"2018-09-20T09:22:10","slug":"projectes","status":"publish","type":"page","link":"https:\/\/www.nexearquitectura.com\/ca\/projectes\/","title":{"rendered":"Projectes"},"content":{"rendered":"<p>[vc_row row_type=&#8221;row&#8221; type=&#8221;full_width&#8221; text_align=&#8221;left&#8221; video=&#8221;&#8221; css_animation=&#8221;&#8221;][vc_column]<div class='projects_holder_outer v2 portfolio_with_space portfolio_standard '><div class='projects_holder clearfix v2 standard'>\n<article class='mix portfolio_category_165 '><div class='image_holder'><a class='portfolio_link_for_touch' href='https:\/\/www.nexearquitectura.com\/ca\/projecte\/casa-eucaliptus\/' target='_self'><span class='image'><img decoding=\"async\" width=\"800\" height=\"360\" src=\"https:\/\/www.nexearquitectura.com\/wp-content\/uploads\/2019\/02\/Foto-Portada-800x360.jpg\" class=\"attachment-carrete-portfolio-panoramic size-carrete-portfolio-panoramic wp-post-image\" alt=\"\" \/><\/span><\/a><span class='text_holder'><span class='text_outer'><span class='text_inner'><span class='feature_holder'><span class=\"feature_holder_icons\"><a class='lightbox hover_icon_holder' title='Casa Eucaliptus' href='https:\/\/www.nexearquitectura.com\/wp-content\/uploads\/2019\/02\/Foto-Portada-e1550491207483.jpg' data-rel='prettyPhoto[pretty_photo_gallery]'><span  class='hover_icon icon_search'><\/span><\/a><a class='preview hover_icon_holder' href='https:\/\/www.nexearquitectura.com\/ca\/projecte\/casa-eucaliptus\/' target='_self'><span  class='hover_icon icon_link_alt'><\/span><\/a><\/span><\/span><\/span><\/span><\/span><\/div><div class='portfolio_description '><h5 class=\"portfolio_title\"><a href=\"https:\/\/www.nexearquitectura.com\/ca\/projecte\/casa-eucaliptus\/\"  target=\"_self\">Casa Eucaliptus<\/a><\/h5><p class=\"portfolio_identifier\"><a href=\"https:\/\/www.nexearquitectura.com\/ca\/projecte\/casa-eucaliptus\/\" class=\"portfolio_identifier_link\" target=\"_self\">25<\/a><\/p><span  class=\"project_category\">Obra nova<\/span><\/div><\/article>\n<article class='mix portfolio_category_165 '><div class='image_holder'><a class='portfolio_link_for_touch' href='https:\/\/www.nexearquitectura.com\/ca\/projecte\/escola-a-camprodon\/' target='_self'><span class='image'><img decoding=\"async\" width=\"800\" height=\"360\" src=\"https:\/\/www.nexearquitectura.com\/wp-content\/uploads\/2017\/05\/IES.Cam-e02-2-800x360.jpg\" class=\"attachment-carrete-portfolio-panoramic size-carrete-portfolio-panoramic wp-post-image\" alt=\"\" \/><\/span><\/a><span class='text_holder'><span class='text_outer'><span class='text_inner'><span class='feature_holder'><span class=\"feature_holder_icons\"><a class='lightbox hover_icon_holder' title='Escola Camprodon' href='https:\/\/www.nexearquitectura.com\/wp-content\/uploads\/2017\/05\/IES.Cam-e02-2.jpg' data-rel='prettyPhoto[pretty_photo_gallery]'><span  class='hover_icon icon_search'><\/span><\/a><a class='preview hover_icon_holder' href='https:\/\/www.nexearquitectura.com\/ca\/projecte\/escola-a-camprodon\/' target='_self'><span  class='hover_icon icon_link_alt'><\/span><\/a><\/span><\/span><\/span><\/span><\/span><\/div><div class='portfolio_description '><h5 class=\"portfolio_title\"><a href=\"https:\/\/www.nexearquitectura.com\/ca\/projecte\/escola-a-camprodon\/\"  target=\"_self\">Escola Camprodon<\/a><\/h5><p class=\"portfolio_identifier\"><a href=\"https:\/\/www.nexearquitectura.com\/ca\/projecte\/escola-a-camprodon\/\" class=\"portfolio_identifier_link\" target=\"_self\">01<\/a><\/p><span  class=\"project_category\">Obra nova<\/span><\/div><\/article>\n<article class='mix portfolio_category_165 '><div class='image_holder'><a class='portfolio_link_for_touch' href='https:\/\/www.nexearquitectura.com\/ca\/projecte\/casa-manuela\/' target='_self'><span class='image'><img decoding=\"async\" width=\"800\" height=\"360\" src=\"https:\/\/www.nexearquitectura.com\/wp-content\/uploads\/2023\/09\/portada-casa-manuela-1-800x360.jpg\" class=\"attachment-carrete-portfolio-panoramic size-carrete-portfolio-panoramic wp-post-image\" alt=\"\" \/><\/span><\/a><span class='text_holder'><span class='text_outer'><span class='text_inner'><span class='feature_holder'><span class=\"feature_holder_icons\"><a class='lightbox hover_icon_holder' title='Casa Manuela' href='https:\/\/www.nexearquitectura.com\/wp-content\/uploads\/2023\/09\/portada-casa-manuela-1.jpg' data-rel='prettyPhoto[pretty_photo_gallery]'><span  class='hover_icon icon_search'><\/span><\/a><a class='preview hover_icon_holder' href='https:\/\/www.nexearquitectura.com\/ca\/projecte\/casa-manuela\/' target='_self'><span  class='hover_icon icon_link_alt'><\/span><\/a><\/span><\/span><\/span><\/span><\/span><\/div><div class='portfolio_description '><h5 class=\"portfolio_title\"><a href=\"https:\/\/www.nexearquitectura.com\/ca\/projecte\/casa-manuela\/\"  target=\"_self\">Casa Manuela<\/a><\/h5><p class=\"portfolio_identifier\"><a href=\"https:\/\/www.nexearquitectura.com\/ca\/projecte\/casa-manuela\/\" class=\"portfolio_identifier_link\" target=\"_self\">00<\/a><\/p><span  class=\"project_category\">Obra nova<\/span><\/div><\/article>\n<article class='mix portfolio_category_165 '><div class='image_holder'><a class='portfolio_link_for_touch' href='https:\/\/www.nexearquitectura.com\/ca\/projecte\/masia-torrefigueres\/' target='_self'><span class='image'><img decoding=\"async\" width=\"800\" height=\"360\" src=\"https:\/\/www.nexearquitectura.com\/wp-content\/uploads\/2023\/11\/MasiaTorrefigueres-NexeArquitectura-01-800x360.jpg\" class=\"attachment-carrete-portfolio-panoramic size-carrete-portfolio-panoramic wp-post-image\" alt=\"\" \/><\/span><\/a><span class='text_holder'><span class='text_outer'><span class='text_inner'><span class='feature_holder'><span class=\"feature_holder_icons\"><a class='lightbox hover_icon_holder' title='Masia Torrefigueres' href='https:\/\/www.nexearquitectura.com\/wp-content\/uploads\/2023\/11\/MasiaTorrefigueres-NexeArquitectura-01.jpg' data-rel='prettyPhoto[pretty_photo_gallery]'><span  class='hover_icon icon_search'><\/span><\/a><a class='preview hover_icon_holder' href='https:\/\/www.nexearquitectura.com\/ca\/projecte\/masia-torrefigueres\/' target='_self'><span  class='hover_icon icon_link_alt'><\/span><\/a><\/span><\/span><\/span><\/span><\/span><\/div><div class='portfolio_description '><h5 class=\"portfolio_title\"><a href=\"https:\/\/www.nexearquitectura.com\/ca\/projecte\/masia-torrefigueres\/\"  target=\"_self\">Masia Torrefigueres<\/a><\/h5><p class=\"portfolio_identifier\"><a href=\"https:\/\/www.nexearquitectura.com\/ca\/projecte\/masia-torrefigueres\/\" class=\"portfolio_identifier_link\" target=\"_self\">00<\/a><\/p><span  class=\"project_category\">Obra nova<\/span><\/div><\/article>\n<article class='mix portfolio_category_165 '><div class='image_holder'><a class='portfolio_link_for_touch' href='https:\/\/www.nexearquitectura.com\/ca\/projecte\/casa-cisa\/' target='_self'><span class='image'><img decoding=\"async\" width=\"800\" height=\"360\" src=\"https:\/\/www.nexearquitectura.com\/wp-content\/uploads\/2023\/04\/JC1023_9601-PanoWeb-800x360.jpg\" class=\"attachment-carrete-portfolio-panoramic size-carrete-portfolio-panoramic wp-post-image\" alt=\"\" \/><\/span><\/a><span class='text_holder'><span class='text_outer'><span class='text_inner'><span class='feature_holder'><span class=\"feature_holder_icons\"><a class='lightbox hover_icon_holder' title='Casa Cisa' href='https:\/\/www.nexearquitectura.com\/wp-content\/uploads\/2023\/04\/JC1023_9601-PanoWeb.jpg' data-rel='prettyPhoto[pretty_photo_gallery]'><span  class='hover_icon icon_search'><\/span><\/a><a class='preview hover_icon_holder' href='https:\/\/www.nexearquitectura.com\/ca\/projecte\/casa-cisa\/' target='_self'><span  class='hover_icon icon_link_alt'><\/span><\/a><\/span><\/span><\/span><\/span><\/span><\/div><div class='portfolio_description '><h5 class=\"portfolio_title\"><a href=\"https:\/\/www.nexearquitectura.com\/ca\/projecte\/casa-cisa\/\"  target=\"_self\">Casa Cisa<\/a><\/h5><p class=\"portfolio_identifier\"><a href=\"https:\/\/www.nexearquitectura.com\/ca\/projecte\/casa-cisa\/\" class=\"portfolio_identifier_link\" target=\"_self\">00<\/a><\/p><span  class=\"project_category\">Obra nova<\/span><\/div><\/article>\n<article class='mix portfolio_category_165 '><div class='image_holder'><a class='portfolio_link_for_touch' href='https:\/\/www.nexearquitectura.com\/ca\/projecte\/casa-mos\/' target='_self'><span class='image'><img decoding=\"async\" width=\"800\" height=\"360\" src=\"https:\/\/www.nexearquitectura.com\/wp-content\/uploads\/2025\/05\/00-PORTADA_JC1168-1007-PanoWeb-800x360.jpg\" class=\"attachment-carrete-portfolio-panoramic size-carrete-portfolio-panoramic wp-post-image\" alt=\"\" \/><\/span><\/a><span class='text_holder'><span class='text_outer'><span class='text_inner'><span class='feature_holder'><span class=\"feature_holder_icons\"><a class='lightbox hover_icon_holder' title='Casa Mos' href='https:\/\/www.nexearquitectura.com\/wp-content\/uploads\/2025\/05\/00-PORTADA_JC1168-1007-PanoWeb.jpg' data-rel='prettyPhoto[pretty_photo_gallery]'><span  class='hover_icon icon_search'><\/span><\/a><a class='preview hover_icon_holder' href='https:\/\/www.nexearquitectura.com\/ca\/projecte\/casa-mos\/' target='_self'><span  class='hover_icon icon_link_alt'><\/span><\/a><\/span><\/span><\/span><\/span><\/span><\/div><div class='portfolio_description '><h5 class=\"portfolio_title\"><a href=\"https:\/\/www.nexearquitectura.com\/ca\/projecte\/casa-mos\/\"  target=\"_self\">Casa Mos<\/a><\/h5><p class=\"portfolio_identifier\"><a href=\"https:\/\/www.nexearquitectura.com\/ca\/projecte\/casa-mos\/\" class=\"portfolio_identifier_link\" target=\"_self\">00<\/a><\/p><span  class=\"project_category\">Obra nova<\/span><\/div><\/article>\n<article class='mix portfolio_category_165 '><div class='image_holder'><a class='portfolio_link_for_touch' href='https:\/\/www.nexearquitectura.com\/ca\/projecte\/casa-llibre\/' target='_self'><span class='image'><img decoding=\"async\" width=\"800\" height=\"360\" src=\"https:\/\/www.nexearquitectura.com\/wp-content\/uploads\/2022\/02\/nexe-arquitectura-judith-casas-casa-llibre-PORTADA-800x360.jpg\" class=\"attachment-carrete-portfolio-panoramic size-carrete-portfolio-panoramic wp-post-image\" alt=\"\" \/><\/span><\/a><span class='text_holder'><span class='text_outer'><span class='text_inner'><span class='feature_holder'><span class=\"feature_holder_icons\"><a class='lightbox hover_icon_holder' title='Casa Llibre' href='https:\/\/www.nexearquitectura.com\/wp-content\/uploads\/2022\/02\/nexe-arquitectura-judith-casas-casa-llibre-PORTADA.jpg' data-rel='prettyPhoto[pretty_photo_gallery]'><span  class='hover_icon icon_search'><\/span><\/a><a class='preview hover_icon_holder' href='https:\/\/www.nexearquitectura.com\/ca\/projecte\/casa-llibre\/' target='_self'><span  class='hover_icon icon_link_alt'><\/span><\/a><\/span><\/span><\/span><\/span><\/span><\/div><div class='portfolio_description '><h5 class=\"portfolio_title\"><a href=\"https:\/\/www.nexearquitectura.com\/ca\/projecte\/casa-llibre\/\"  target=\"_self\">Casa Llibre<\/a><\/h5><p class=\"portfolio_identifier\"><a href=\"https:\/\/www.nexearquitectura.com\/ca\/projecte\/casa-llibre\/\" class=\"portfolio_identifier_link\" target=\"_self\">00<\/a><\/p><span  class=\"project_category\">Obra nova<\/span><\/div><\/article>\n<article class='mix portfolio_category_165 '><div class='image_holder'><a class='portfolio_link_for_touch' href='https:\/\/www.nexearquitectura.com\/ca\/projecte\/casa-tramoia\/' target='_self'><span class='image'><img decoding=\"async\" width=\"800\" height=\"360\" src=\"https:\/\/www.nexearquitectura.com\/wp-content\/uploads\/2023\/11\/CasaTramoia-NexeArquitectura-01-800x360.jpg\" class=\"attachment-carrete-portfolio-panoramic size-carrete-portfolio-panoramic wp-post-image\" alt=\"\" \/><\/span><\/a><span class='text_holder'><span class='text_outer'><span class='text_inner'><span class='feature_holder'><span class=\"feature_holder_icons\"><a class='lightbox hover_icon_holder' title='Casa Tramoia' href='https:\/\/www.nexearquitectura.com\/wp-content\/uploads\/2023\/11\/CasaTramoia-NexeArquitectura-01.jpg' data-rel='prettyPhoto[pretty_photo_gallery]'><span  class='hover_icon icon_search'><\/span><\/a><a class='preview hover_icon_holder' href='https:\/\/www.nexearquitectura.com\/ca\/projecte\/casa-tramoia\/' target='_self'><span  class='hover_icon icon_link_alt'><\/span><\/a><\/span><\/span><\/span><\/span><\/span><\/div><div class='portfolio_description '><h5 class=\"portfolio_title\"><a href=\"https:\/\/www.nexearquitectura.com\/ca\/projecte\/casa-tramoia\/\"  target=\"_self\">Casa Tramoia<\/a><\/h5><p class=\"portfolio_identifier\"><a href=\"https:\/\/www.nexearquitectura.com\/ca\/projecte\/casa-tramoia\/\" class=\"portfolio_identifier_link\" target=\"_self\">00<\/a><\/p><span  class=\"project_category\">Obra nova<\/span><\/div><\/article>\n<article class='mix portfolio_category_165 '><div class='image_holder'><a class='portfolio_link_for_touch' href='https:\/\/www.nexearquitectura.com\/ca\/projecte\/casa-lluna\/' target='_self'><span class='image'><img decoding=\"async\" width=\"800\" height=\"360\" src=\"https:\/\/www.nexearquitectura.com\/wp-content\/uploads\/2023\/04\/JC1049_3972-PanoWebM-principal-800x360.jpg\" class=\"attachment-carrete-portfolio-panoramic size-carrete-portfolio-panoramic wp-post-image\" alt=\"\" \/><\/span><\/a><span class='text_holder'><span class='text_outer'><span class='text_inner'><span class='feature_holder'><span class=\"feature_holder_icons\"><a class='lightbox hover_icon_holder' title='Casa Lluna' href='https:\/\/www.nexearquitectura.com\/wp-content\/uploads\/2023\/04\/JC1049_3972-PanoWebM-principal.jpg' data-rel='prettyPhoto[pretty_photo_gallery]'><span  class='hover_icon icon_search'><\/span><\/a><a class='preview hover_icon_holder' href='https:\/\/www.nexearquitectura.com\/ca\/projecte\/casa-lluna\/' target='_self'><span  class='hover_icon icon_link_alt'><\/span><\/a><\/span><\/span><\/span><\/span><\/span><\/div><div class='portfolio_description '><h5 class=\"portfolio_title\"><a href=\"https:\/\/www.nexearquitectura.com\/ca\/projecte\/casa-lluna\/\"  target=\"_self\">Casa Lluna<\/a><\/h5><p class=\"portfolio_identifier\"><a href=\"https:\/\/www.nexearquitectura.com\/ca\/projecte\/casa-lluna\/\" class=\"portfolio_identifier_link\" target=\"_self\">00<\/a><\/p><span  class=\"project_category\">Obra nova<\/span><\/div><\/article>\n<article class='mix portfolio_category_165 '><div class='image_holder'><a class='portfolio_link_for_touch' href='https:\/\/www.nexearquitectura.com\/ca\/projecte\/centre-fisioterapia-keops\/' target='_self'><span class='image'><img decoding=\"async\" width=\"800\" height=\"360\" src=\"https:\/\/www.nexearquitectura.com\/wp-content\/uploads\/2021\/03\/fisioterapia-keops.jpg\" class=\"attachment-carrete-portfolio-panoramic size-carrete-portfolio-panoramic wp-post-image\" alt=\"\" \/><\/span><\/a><span class='text_holder'><span class='text_outer'><span class='text_inner'><span class='feature_holder'><span class=\"feature_holder_icons\"><a class='lightbox hover_icon_holder' title='Centre Fisioter\u00e0pia Keops' href='https:\/\/www.nexearquitectura.com\/wp-content\/uploads\/2021\/03\/fisioterapia-keops.jpg' data-rel='prettyPhoto[pretty_photo_gallery]'><span  class='hover_icon icon_search'><\/span><\/a><a class='preview hover_icon_holder' href='https:\/\/www.nexearquitectura.com\/ca\/projecte\/centre-fisioterapia-keops\/' target='_self'><span  class='hover_icon icon_link_alt'><\/span><\/a><\/span><\/span><\/span><\/span><\/span><\/div><div class='portfolio_description '><h5 class=\"portfolio_title\"><a href=\"https:\/\/www.nexearquitectura.com\/ca\/projecte\/centre-fisioterapia-keops\/\"  target=\"_self\">Centre Fisioter\u00e0pia Keops<\/a><\/h5><p class=\"portfolio_identifier\"><a href=\"https:\/\/www.nexearquitectura.com\/ca\/projecte\/centre-fisioterapia-keops\/\" class=\"portfolio_identifier_link\" target=\"_self\">00<\/a><\/p><span  class=\"project_category\">Obra nova<\/span><\/div><\/article>\n<article class='mix portfolio_category_165 '><div class='image_holder'><a class='portfolio_link_for_touch' href='https:\/\/www.nexearquitectura.com\/ca\/projecte\/casa-fang\/' target='_self'><span class='image'><img decoding=\"async\" width=\"800\" height=\"360\" src=\"https:\/\/www.nexearquitectura.com\/wp-content\/uploads\/2023\/09\/Portada-4-800x360.jpg\" class=\"attachment-carrete-portfolio-panoramic size-carrete-portfolio-panoramic wp-post-image\" alt=\"\" \/><\/span><\/a><span class='text_holder'><span class='text_outer'><span class='text_inner'><span class='feature_holder'><span class=\"feature_holder_icons\"><a class='lightbox hover_icon_holder' title='Casa Fang' href='https:\/\/www.nexearquitectura.com\/wp-content\/uploads\/2023\/09\/Portada-4.jpg' data-rel='prettyPhoto[pretty_photo_gallery]'><span  class='hover_icon icon_search'><\/span><\/a><a class='preview hover_icon_holder' href='https:\/\/www.nexearquitectura.com\/ca\/projecte\/casa-fang\/' target='_self'><span  class='hover_icon icon_link_alt'><\/span><\/a><\/span><\/span><\/span><\/span><\/span><\/div><div class='portfolio_description '><h5 class=\"portfolio_title\"><a href=\"https:\/\/www.nexearquitectura.com\/ca\/projecte\/casa-fang\/\"  target=\"_self\">Casa Fang<\/a><\/h5><p class=\"portfolio_identifier\"><a href=\"https:\/\/www.nexearquitectura.com\/ca\/projecte\/casa-fang\/\" class=\"portfolio_identifier_link\" target=\"_self\">00<\/a><\/p><span  class=\"project_category\">Obra nova<\/span><\/div><\/article>\n<article class='mix portfolio_category_165 '><div class='image_holder'><a class='portfolio_link_for_touch' href='https:\/\/www.nexearquitectura.com\/ca\/projecte\/espais-joves\/' target='_self'><span class='image'><img decoding=\"async\" width=\"800\" height=\"360\" src=\"https:\/\/www.nexearquitectura.com\/wp-content\/uploads\/2022\/02\/nexe-arquitectura-espais-joves-04-800x360.jpg\" class=\"attachment-carrete-portfolio-panoramic size-carrete-portfolio-panoramic wp-post-image\" alt=\"\" \/><\/span><\/a><span class='text_holder'><span class='text_outer'><span class='text_inner'><span class='feature_holder'><span class=\"feature_holder_icons\"><a class='lightbox hover_icon_holder' title='Espais Joves' href='https:\/\/www.nexearquitectura.com\/wp-content\/uploads\/2022\/02\/nexe-arquitectura-espais-joves-04-scaled.jpg' data-rel='prettyPhoto[pretty_photo_gallery]'><span  class='hover_icon icon_search'><\/span><\/a><a class='preview hover_icon_holder' href='https:\/\/www.nexearquitectura.com\/ca\/projecte\/espais-joves\/' target='_self'><span  class='hover_icon icon_link_alt'><\/span><\/a><\/span><\/span><\/span><\/span><\/span><\/div><div class='portfolio_description '><h5 class=\"portfolio_title\"><a href=\"https:\/\/www.nexearquitectura.com\/ca\/projecte\/espais-joves\/\"  target=\"_self\">Espais Joves<\/a><\/h5><p class=\"portfolio_identifier\"><a href=\"https:\/\/www.nexearquitectura.com\/ca\/projecte\/espais-joves\/\" class=\"portfolio_identifier_link\" target=\"_self\">00<\/a><\/p><span  class=\"project_category\">Obra nova<\/span><\/div><\/article>\n<article class='mix portfolio_category_165 '><div class='image_holder'><a class='portfolio_link_for_touch' href='https:\/\/www.nexearquitectura.com\/ca\/projecte\/casa-vapor\/' target='_self'><span class='image'><img decoding=\"async\" width=\"800\" height=\"360\" src=\"https:\/\/www.nexearquitectura.com\/wp-content\/uploads\/2021\/03\/casa-vapor.jpg\" class=\"attachment-carrete-portfolio-panoramic size-carrete-portfolio-panoramic wp-post-image\" alt=\"\" \/><\/span><\/a><span class='text_holder'><span class='text_outer'><span class='text_inner'><span class='feature_holder'><span class=\"feature_holder_icons\"><a class='lightbox hover_icon_holder' title='Casa Vapor' href='https:\/\/www.nexearquitectura.com\/wp-content\/uploads\/2021\/03\/casa-vapor.jpg' data-rel='prettyPhoto[pretty_photo_gallery]'><span  class='hover_icon icon_search'><\/span><\/a><a class='preview hover_icon_holder' href='https:\/\/www.nexearquitectura.com\/ca\/projecte\/casa-vapor\/' target='_self'><span  class='hover_icon icon_link_alt'><\/span><\/a><\/span><\/span><\/span><\/span><\/span><\/div><div class='portfolio_description '><h5 class=\"portfolio_title\"><a href=\"https:\/\/www.nexearquitectura.com\/ca\/projecte\/casa-vapor\/\"  target=\"_self\">Casa Vapor<\/a><\/h5><p class=\"portfolio_identifier\"><a href=\"https:\/\/www.nexearquitectura.com\/ca\/projecte\/casa-vapor\/\" class=\"portfolio_identifier_link\" target=\"_self\">00<\/a><\/p><span  class=\"project_category\">Obra nova<\/span><\/div><\/article>\n<article class='mix portfolio_category_165 '><div class='image_holder'><a class='portfolio_link_for_touch' href='https:\/\/www.nexearquitectura.com\/ca\/projecte\/casa-proa\/' target='_self'><span class='image'><img decoding=\"async\" width=\"800\" height=\"360\" src=\"https:\/\/www.nexearquitectura.com\/wp-content\/uploads\/2021\/03\/casa-proa.jpg\" class=\"attachment-carrete-portfolio-panoramic size-carrete-portfolio-panoramic wp-post-image\" alt=\"\" \/><\/span><\/a><span class='text_holder'><span class='text_outer'><span class='text_inner'><span class='feature_holder'><span class=\"feature_holder_icons\"><a class='lightbox hover_icon_holder' title='Casa Proa' href='https:\/\/www.nexearquitectura.com\/wp-content\/uploads\/2021\/03\/casa-proa.jpg' data-rel='prettyPhoto[pretty_photo_gallery]'><span  class='hover_icon icon_search'><\/span><\/a><a class='preview hover_icon_holder' href='https:\/\/www.nexearquitectura.com\/ca\/projecte\/casa-proa\/' target='_self'><span  class='hover_icon icon_link_alt'><\/span><\/a><\/span><\/span><\/span><\/span><\/span><\/div><div class='portfolio_description '><h5 class=\"portfolio_title\"><a href=\"https:\/\/www.nexearquitectura.com\/ca\/projecte\/casa-proa\/\"  target=\"_self\">Casa Proa<\/a><\/h5><p class=\"portfolio_identifier\"><a href=\"https:\/\/www.nexearquitectura.com\/ca\/projecte\/casa-proa\/\" class=\"portfolio_identifier_link\" target=\"_self\">00<\/a><\/p><span  class=\"project_category\">Obra nova<\/span><\/div><\/article>\n<article class='mix portfolio_category_165 '><div class='image_holder'><a class='portfolio_link_for_touch' href='https:\/\/www.nexearquitectura.com\/ca\/projecte\/caseta-arlet\/' target='_self'><span class='image'><img decoding=\"async\" width=\"800\" height=\"360\" src=\"https:\/\/www.nexearquitectura.com\/wp-content\/uploads\/2021\/03\/caseta-arlet.jpg\" class=\"attachment-carrete-portfolio-panoramic size-carrete-portfolio-panoramic wp-post-image\" alt=\"\" \/><\/span><\/a><span class='text_holder'><span class='text_outer'><span class='text_inner'><span class='feature_holder'><span class=\"feature_holder_icons\"><a class='lightbox hover_icon_holder' title='Caseta Arlet' href='https:\/\/www.nexearquitectura.com\/wp-content\/uploads\/2021\/03\/caseta-arlet.jpg' data-rel='prettyPhoto[pretty_photo_gallery]'><span  class='hover_icon icon_search'><\/span><\/a><a class='preview hover_icon_holder' href='https:\/\/www.nexearquitectura.com\/ca\/projecte\/caseta-arlet\/' target='_self'><span  class='hover_icon icon_link_alt'><\/span><\/a><\/span><\/span><\/span><\/span><\/span><\/div><div class='portfolio_description '><h5 class=\"portfolio_title\"><a href=\"https:\/\/www.nexearquitectura.com\/ca\/projecte\/caseta-arlet\/\"  target=\"_self\">Caseta Arlet<\/a><\/h5><p class=\"portfolio_identifier\"><a href=\"https:\/\/www.nexearquitectura.com\/ca\/projecte\/caseta-arlet\/\" class=\"portfolio_identifier_link\" target=\"_self\">00<\/a><\/p><span  class=\"project_category\">Obra nova<\/span><\/div><\/article>\n<article class='mix portfolio_category_165 '><div class='image_holder'><a class='portfolio_link_for_touch' href='https:\/\/www.nexearquitectura.com\/ca\/projecte\/casa-tub\/' target='_self'><span class='image'><img decoding=\"async\" width=\"800\" height=\"360\" src=\"https:\/\/www.nexearquitectura.com\/wp-content\/uploads\/2021\/03\/casa-tub.jpg\" class=\"attachment-carrete-portfolio-panoramic size-carrete-portfolio-panoramic wp-post-image\" alt=\"\" \/><\/span><\/a><span class='text_holder'><span class='text_outer'><span class='text_inner'><span class='feature_holder'><span class=\"feature_holder_icons\"><a class='lightbox hover_icon_holder' title='Casa Tub' href='https:\/\/www.nexearquitectura.com\/wp-content\/uploads\/2021\/03\/casa-tub.jpg' data-rel='prettyPhoto[pretty_photo_gallery]'><span  class='hover_icon icon_search'><\/span><\/a><a class='preview hover_icon_holder' href='https:\/\/www.nexearquitectura.com\/ca\/projecte\/casa-tub\/' target='_self'><span  class='hover_icon icon_link_alt'><\/span><\/a><\/span><\/span><\/span><\/span><\/span><\/div><div class='portfolio_description '><h5 class=\"portfolio_title\"><a href=\"https:\/\/www.nexearquitectura.com\/ca\/projecte\/casa-tub\/\"  target=\"_self\">Casa Tub<\/a><\/h5><p class=\"portfolio_identifier\"><a href=\"https:\/\/www.nexearquitectura.com\/ca\/projecte\/casa-tub\/\" class=\"portfolio_identifier_link\" target=\"_self\">00<\/a><\/p><span  class=\"project_category\">Obra nova<\/span><\/div><\/article>\n<article class='mix '><div class='image_holder'><a class='portfolio_link_for_touch' href='https:\/\/www.nexearquitectura.com\/ca\/projecte\/oficines-whads\/' target='_self'><span class='image'><img decoding=\"async\" width=\"800\" height=\"360\" src=\"https:\/\/www.nexearquitectura.com\/wp-content\/uploads\/2020\/03\/IMG_0052M-800x360.jpg\" class=\"attachment-carrete-portfolio-panoramic size-carrete-portfolio-panoramic wp-post-image\" alt=\"\" \/><\/span><\/a><span class='text_holder'><span class='text_outer'><span class='text_inner'><span class='feature_holder'><span class=\"feature_holder_icons\"><a class='lightbox hover_icon_holder' title='Oficines WHADS' href='https:\/\/www.nexearquitectura.com\/wp-content\/uploads\/2020\/03\/IMG_0052M-scaled.jpg' data-rel='prettyPhoto[pretty_photo_gallery]'><span  class='hover_icon icon_search'><\/span><\/a><a class='preview hover_icon_holder' href='https:\/\/www.nexearquitectura.com\/ca\/projecte\/oficines-whads\/' target='_self'><span  class='hover_icon icon_link_alt'><\/span><\/a><\/span><\/span><\/span><\/span><\/span><\/div><div class='portfolio_description '><h5 class=\"portfolio_title\"><a href=\"https:\/\/www.nexearquitectura.com\/ca\/projecte\/oficines-whads\/\"  target=\"_self\">Oficines WHADS<\/a><\/h5><p class=\"portfolio_identifier\"><a href=\"https:\/\/www.nexearquitectura.com\/ca\/projecte\/oficines-whads\/\" class=\"portfolio_identifier_link\" target=\"_self\">00<\/a><\/p><span  class=\"project_category\"><\/span><\/div><\/article>\n<article class='mix portfolio_category_166 '><div class='image_holder'><a class='portfolio_link_for_touch' href='https:\/\/www.nexearquitectura.com\/ca\/projecte\/comerc-habitatge-al-born\/' target='_self'><span class='image'><img decoding=\"async\" width=\"800\" height=\"360\" src=\"https:\/\/www.nexearquitectura.com\/wp-content\/uploads\/2017\/05\/04-2-800x360.jpg\" class=\"attachment-carrete-portfolio-panoramic size-carrete-portfolio-panoramic wp-post-image\" alt=\"\" \/><\/span><\/a><span class='text_holder'><span class='text_outer'><span class='text_inner'><span class='feature_holder'><span class=\"feature_holder_icons\"><a class='lightbox hover_icon_holder' title='Casa Born' href='https:\/\/www.nexearquitectura.com\/wp-content\/uploads\/2017\/05\/04-2.jpg' data-rel='prettyPhoto[pretty_photo_gallery]'><span  class='hover_icon icon_search'><\/span><\/a><a class='preview hover_icon_holder' href='https:\/\/www.nexearquitectura.com\/ca\/projecte\/comerc-habitatge-al-born\/' target='_self'><span  class='hover_icon icon_link_alt'><\/span><\/a><\/span><\/span><\/span><\/span><\/span><\/div><div class='portfolio_description '><h5 class=\"portfolio_title\"><a href=\"https:\/\/www.nexearquitectura.com\/ca\/projecte\/comerc-habitatge-al-born\/\"  target=\"_self\">Casa Born<\/a><\/h5><p class=\"portfolio_identifier\"><a href=\"https:\/\/www.nexearquitectura.com\/ca\/projecte\/comerc-habitatge-al-born\/\" class=\"portfolio_identifier_link\" target=\"_self\">02<\/a><\/p><span  class=\"project_category\">Reforma<\/span><\/div><\/article>\n<article class='mix portfolio_category_166 '><div class='image_holder'><a class='portfolio_link_for_touch' href='https:\/\/www.nexearquitectura.com\/ca\/projecte\/casa-costa\/' target='_self'><span class='image'><img decoding=\"async\" width=\"800\" height=\"360\" src=\"https:\/\/www.nexearquitectura.com\/wp-content\/uploads\/2019\/10\/portada_1920-800x360.jpg\" class=\"attachment-carrete-portfolio-panoramic size-carrete-portfolio-panoramic wp-post-image\" alt=\"\" \/><\/span><\/a><span class='text_holder'><span class='text_outer'><span class='text_inner'><span class='feature_holder'><span class=\"feature_holder_icons\"><a class='lightbox hover_icon_holder' title='Casa Costa' href='https:\/\/www.nexearquitectura.com\/wp-content\/uploads\/2019\/10\/portada_1920.jpg' data-rel='prettyPhoto[pretty_photo_gallery]'><span  class='hover_icon icon_search'><\/span><\/a><a class='preview hover_icon_holder' href='https:\/\/www.nexearquitectura.com\/ca\/projecte\/casa-costa\/' target='_self'><span  class='hover_icon icon_link_alt'><\/span><\/a><\/span><\/span><\/span><\/span><\/span><\/div><div class='portfolio_description '><h5 class=\"portfolio_title\"><a href=\"https:\/\/www.nexearquitectura.com\/ca\/projecte\/casa-costa\/\"  target=\"_self\">Casa Costa<\/a><\/h5><p class=\"portfolio_identifier\"><a href=\"https:\/\/www.nexearquitectura.com\/ca\/projecte\/casa-costa\/\" class=\"portfolio_identifier_link\" target=\"_self\">28<\/a><\/p><span  class=\"project_category\">Reforma<\/span><\/div><\/article>\n<article class='mix '><div class='image_holder'><a class='portfolio_link_for_touch' href='https:\/\/www.nexearquitectura.com\/ca\/projecte\/casa-lona\/' target='_self'><span class='image'><img decoding=\"async\" width=\"800\" height=\"360\" src=\"https:\/\/www.nexearquitectura.com\/wp-content\/uploads\/2020\/03\/CasaLona-800x360.jpg\" class=\"attachment-carrete-portfolio-panoramic size-carrete-portfolio-panoramic wp-post-image\" alt=\"\" \/><\/span><\/a><span class='text_holder'><span class='text_outer'><span class='text_inner'><span class='feature_holder'><span class=\"feature_holder_icons\"><a class='lightbox hover_icon_holder' title='Casa Lona' href='https:\/\/www.nexearquitectura.com\/wp-content\/uploads\/2020\/03\/CasaLona-scaled.jpg' data-rel='prettyPhoto[pretty_photo_gallery]'><span  class='hover_icon icon_search'><\/span><\/a><a class='preview hover_icon_holder' href='https:\/\/www.nexearquitectura.com\/ca\/projecte\/casa-lona\/' target='_self'><span  class='hover_icon icon_link_alt'><\/span><\/a><\/span><\/span><\/span><\/span><\/span><\/div><div class='portfolio_description '><h5 class=\"portfolio_title\"><a href=\"https:\/\/www.nexearquitectura.com\/ca\/projecte\/casa-lona\/\"  target=\"_self\">Casa Lona<\/a><\/h5><p class=\"portfolio_identifier\"><a href=\"https:\/\/www.nexearquitectura.com\/ca\/projecte\/casa-lona\/\" class=\"portfolio_identifier_link\" target=\"_self\">00<\/a><\/p><span  class=\"project_category\"><\/span><\/div><\/article>\n<article class='mix portfolio_category_166 '><div class='image_holder'><a class='portfolio_link_for_touch' href='https:\/\/www.nexearquitectura.com\/ca\/projecte\/casa-papasseit\/' target='_self'><span class='image'><img decoding=\"async\" width=\"800\" height=\"360\" src=\"https:\/\/www.nexearquitectura.com\/wp-content\/uploads\/2019\/10\/Casa-Papasse\u00eft-Foto-Portada-800x360.jpg\" class=\"attachment-carrete-portfolio-panoramic size-carrete-portfolio-panoramic wp-post-image\" alt=\"\" \/><\/span><\/a><span class='text_holder'><span class='text_outer'><span class='text_inner'><span class='feature_holder'><span class=\"feature_holder_icons\"><a class='lightbox hover_icon_holder' title='Casa Papasse\u00eft' href='https:\/\/www.nexearquitectura.com\/wp-content\/uploads\/2019\/10\/Casa-Papasse\u00eft-Foto-Portada.jpg' data-rel='prettyPhoto[pretty_photo_gallery]'><span  class='hover_icon icon_search'><\/span><\/a><a class='preview hover_icon_holder' href='https:\/\/www.nexearquitectura.com\/ca\/projecte\/casa-papasseit\/' target='_self'><span  class='hover_icon icon_link_alt'><\/span><\/a><\/span><\/span><\/span><\/span><\/span><\/div><div class='portfolio_description '><h5 class=\"portfolio_title\"><a href=\"https:\/\/www.nexearquitectura.com\/ca\/projecte\/casa-papasseit\/\"  target=\"_self\">Casa Papasse\u00eft<\/a><\/h5><p class=\"portfolio_identifier\"><a href=\"https:\/\/www.nexearquitectura.com\/ca\/projecte\/casa-papasseit\/\" class=\"portfolio_identifier_link\" target=\"_self\">30<\/a><\/p><span  class=\"project_category\">Reforma<\/span><\/div><\/article>\n<article class='mix portfolio_category_166 '><div class='image_holder'><a class='portfolio_link_for_touch' href='https:\/\/www.nexearquitectura.com\/ca\/projecte\/casal-cooperativa\/' target='_self'><span class='image'><img decoding=\"async\" width=\"800\" height=\"360\" src=\"https:\/\/www.nexearquitectura.com\/wp-content\/uploads\/2019\/10\/portada-1920-1-800x360.jpg\" class=\"attachment-carrete-portfolio-panoramic size-carrete-portfolio-panoramic wp-post-image\" alt=\"\" \/><\/span><\/a><span class='text_holder'><span class='text_outer'><span class='text_inner'><span class='feature_holder'><span class=\"feature_holder_icons\"><a class='lightbox hover_icon_holder' title='Casal d&#8217;avis Cooperativa' href='https:\/\/www.nexearquitectura.com\/wp-content\/uploads\/2019\/10\/portada-1920-1.jpg' data-rel='prettyPhoto[pretty_photo_gallery]'><span  class='hover_icon icon_search'><\/span><\/a><a class='preview hover_icon_holder' href='https:\/\/www.nexearquitectura.com\/ca\/projecte\/casal-cooperativa\/' target='_self'><span  class='hover_icon icon_link_alt'><\/span><\/a><\/span><\/span><\/span><\/span><\/span><\/div><div class='portfolio_description '><h5 class=\"portfolio_title\"><a href=\"https:\/\/www.nexearquitectura.com\/ca\/projecte\/casal-cooperativa\/\"  target=\"_self\">Casal d&#8217;avis Cooperativa<\/a><\/h5><p class=\"portfolio_identifier\"><a href=\"https:\/\/www.nexearquitectura.com\/ca\/projecte\/casal-cooperativa\/\" class=\"portfolio_identifier_link\" target=\"_self\">31<\/a><\/p><span  class=\"project_category\">Reforma<\/span><\/div><\/article>\n<article class='mix portfolio_category_165 '><div class='image_holder'><a class='portfolio_link_for_touch' href='https:\/\/www.nexearquitectura.com\/ca\/projecte\/cal-nes-habitatge-a-sant-boi\/' target='_self'><span class='image'><img decoding=\"async\" width=\"800\" height=\"360\" src=\"https:\/\/www.nexearquitectura.com\/wp-content\/uploads\/2017\/05\/IMG_2090M3-800x360.jpg\" class=\"attachment-carrete-portfolio-panoramic size-carrete-portfolio-panoramic wp-post-image\" alt=\"\" \/><\/span><\/a><span class='text_holder'><span class='text_outer'><span class='text_inner'><span class='feature_holder'><span class=\"feature_holder_icons\"><a class='lightbox hover_icon_holder' title='Casa Nes' href='https:\/\/www.nexearquitectura.com\/wp-content\/uploads\/2017\/05\/IMG_2090M3.jpg' data-rel='prettyPhoto[pretty_photo_gallery]'><span  class='hover_icon icon_search'><\/span><\/a><a class='preview hover_icon_holder' href='https:\/\/www.nexearquitectura.com\/ca\/projecte\/cal-nes-habitatge-a-sant-boi\/' target='_self'><span  class='hover_icon icon_link_alt'><\/span><\/a><\/span><\/span><\/span><\/span><\/span><\/div><div class='portfolio_description '><h5 class=\"portfolio_title\"><a href=\"https:\/\/www.nexearquitectura.com\/ca\/projecte\/cal-nes-habitatge-a-sant-boi\/\"  target=\"_self\">Casa Nes<\/a><\/h5><p class=\"portfolio_identifier\"><a href=\"https:\/\/www.nexearquitectura.com\/ca\/projecte\/cal-nes-habitatge-a-sant-boi\/\" class=\"portfolio_identifier_link\" target=\"_self\">03<\/a><\/p><span  class=\"project_category\">Obra nova<\/span><\/div><\/article>\n<article class='mix portfolio_category_166 '><div class='image_holder'><a class='portfolio_link_for_touch' href='https:\/\/www.nexearquitectura.com\/ca\/projecte\/cafeteria-lycee-francais\/' target='_self'><span class='image'><img decoding=\"async\" width=\"800\" height=\"360\" src=\"https:\/\/www.nexearquitectura.com\/wp-content\/uploads\/2019\/10\/portada-1920-800x360.jpg\" class=\"attachment-carrete-portfolio-panoramic size-carrete-portfolio-panoramic wp-post-image\" alt=\"\" \/><\/span><\/a><span class='text_holder'><span class='text_outer'><span class='text_inner'><span class='feature_holder'><span class=\"feature_holder_icons\"><a class='lightbox hover_icon_holder' title='Cafeteria Lyc\u00e9e Fran\u00e7ais' href='https:\/\/www.nexearquitectura.com\/wp-content\/uploads\/2019\/10\/portada-1920.jpg' data-rel='prettyPhoto[pretty_photo_gallery]'><span  class='hover_icon icon_search'><\/span><\/a><a class='preview hover_icon_holder' href='https:\/\/www.nexearquitectura.com\/ca\/projecte\/cafeteria-lycee-francais\/' target='_self'><span  class='hover_icon icon_link_alt'><\/span><\/a><\/span><\/span><\/span><\/span><\/span><\/div><div class='portfolio_description '><h5 class=\"portfolio_title\"><a href=\"https:\/\/www.nexearquitectura.com\/ca\/projecte\/cafeteria-lycee-francais\/\"  target=\"_self\">Cafeteria Lyc\u00e9e Fran\u00e7ais<\/a><\/h5><p class=\"portfolio_identifier\"><a href=\"https:\/\/www.nexearquitectura.com\/ca\/projecte\/cafeteria-lycee-francais\/\" class=\"portfolio_identifier_link\" target=\"_self\">29<\/a><\/p><span  class=\"project_category\">Reforma<\/span><\/div><\/article>\n<article class='mix portfolio_category_166 '><div class='image_holder'><a class='portfolio_link_for_touch' href='https:\/\/www.nexearquitectura.com\/ca\/projecte\/farmacia-sureda-blanes\/' target='_self'><span class='image'><img decoding=\"async\" width=\"800\" height=\"360\" src=\"https:\/\/www.nexearquitectura.com\/wp-content\/uploads\/2019\/06\/2018-11-FARMACIA-SUREDA-HiResBis-1-1-800x360.jpg\" class=\"attachment-carrete-portfolio-panoramic size-carrete-portfolio-panoramic wp-post-image\" alt=\"\" \/><\/span><\/a><span class='text_holder'><span class='text_outer'><span class='text_inner'><span class='feature_holder'><span class=\"feature_holder_icons\"><a class='lightbox hover_icon_holder' title='Farm\u00e0cia Blanes' href='https:\/\/www.nexearquitectura.com\/wp-content\/uploads\/2019\/06\/2018-11-FARMACIA-SUREDA-HiResBis-1-1-scaled.jpg' data-rel='prettyPhoto[pretty_photo_gallery]'><span  class='hover_icon icon_search'><\/span><\/a><a class='preview hover_icon_holder' href='https:\/\/www.nexearquitectura.com\/ca\/projecte\/farmacia-sureda-blanes\/' target='_self'><span  class='hover_icon icon_link_alt'><\/span><\/a><\/span><\/span><\/span><\/span><\/span><\/div><div class='portfolio_description '><h5 class=\"portfolio_title\"><a href=\"https:\/\/www.nexearquitectura.com\/ca\/projecte\/farmacia-sureda-blanes\/\"  target=\"_self\">Farm\u00e0cia Blanes<\/a><\/h5><p class=\"portfolio_identifier\"><a href=\"https:\/\/www.nexearquitectura.com\/ca\/projecte\/farmacia-sureda-blanes\/\" class=\"portfolio_identifier_link\" target=\"_self\">26<\/a><\/p><span  class=\"project_category\">Reforma<\/span><\/div><\/article>\n<article class='mix portfolio_category_166 '><div class='image_holder'><a class='portfolio_link_for_touch' href='https:\/\/www.nexearquitectura.com\/ca\/projecte\/habitatge-sugranes\/' target='_self'><span class='image'><img decoding=\"async\" width=\"800\" height=\"360\" src=\"https:\/\/www.nexearquitectura.com\/wp-content\/uploads\/2019\/06\/IMG_20190118_104012M-1-800x360.jpg\" class=\"attachment-carrete-portfolio-panoramic size-carrete-portfolio-panoramic wp-post-image\" alt=\"\" \/><\/span><\/a><span class='text_holder'><span class='text_outer'><span class='text_inner'><span class='feature_holder'><span class=\"feature_holder_icons\"><a class='lightbox hover_icon_holder' title='Casa Sugra\u00f1es' href='https:\/\/www.nexearquitectura.com\/wp-content\/uploads\/2019\/06\/IMG_20190118_104012M-1-scaled.jpg' data-rel='prettyPhoto[pretty_photo_gallery]'><span  class='hover_icon icon_search'><\/span><\/a><a class='preview hover_icon_holder' href='https:\/\/www.nexearquitectura.com\/ca\/projecte\/habitatge-sugranes\/' target='_self'><span  class='hover_icon icon_link_alt'><\/span><\/a><\/span><\/span><\/span><\/span><\/span><\/div><div class='portfolio_description '><h5 class=\"portfolio_title\"><a href=\"https:\/\/www.nexearquitectura.com\/ca\/projecte\/habitatge-sugranes\/\"  target=\"_self\">Casa Sugra\u00f1es<\/a><\/h5><p class=\"portfolio_identifier\"><a href=\"https:\/\/www.nexearquitectura.com\/ca\/projecte\/habitatge-sugranes\/\" class=\"portfolio_identifier_link\" target=\"_self\">27<\/a><\/p><span  class=\"project_category\">Reforma<\/span><\/div><\/article>\n<article class='mix '><div class='image_holder'><a class='portfolio_link_for_touch' href='https:\/\/www.nexearquitectura.com\/ca\/projecte\/casa-lupa\/' target='_self'><span class='image'><img decoding=\"async\" width=\"800\" height=\"360\" src=\"https:\/\/www.nexearquitectura.com\/wp-content\/uploads\/2020\/03\/IMG_20191217_172451M-800x360.jpg\" class=\"attachment-carrete-portfolio-panoramic size-carrete-portfolio-panoramic wp-post-image\" alt=\"\" \/><\/span><\/a><span class='text_holder'><span class='text_outer'><span class='text_inner'><span class='feature_holder'><span class=\"feature_holder_icons\"><a class='lightbox hover_icon_holder' title='Casa Lupa' href='https:\/\/www.nexearquitectura.com\/wp-content\/uploads\/2020\/03\/IMG_20191217_172451M-scaled.jpg' data-rel='prettyPhoto[pretty_photo_gallery]'><span  class='hover_icon icon_search'><\/span><\/a><a class='preview hover_icon_holder' href='https:\/\/www.nexearquitectura.com\/ca\/projecte\/casa-lupa\/' target='_self'><span  class='hover_icon icon_link_alt'><\/span><\/a><\/span><\/span><\/span><\/span><\/span><\/div><div class='portfolio_description '><h5 class=\"portfolio_title\"><a href=\"https:\/\/www.nexearquitectura.com\/ca\/projecte\/casa-lupa\/\"  target=\"_self\">Casa Lupa<\/a><\/h5><p class=\"portfolio_identifier\"><a href=\"https:\/\/www.nexearquitectura.com\/ca\/projecte\/casa-lupa\/\" class=\"portfolio_identifier_link\" target=\"_self\">00<\/a><\/p><span  class=\"project_category\"><\/span><\/div><\/article>\n<article class='mix '><div class='image_holder'><a class='portfolio_link_for_touch' href='https:\/\/www.nexearquitectura.com\/ca\/projecte\/gimnas-i-vestidors-del-lycee-francais\/' target='_self'><span class='image'><img decoding=\"async\" width=\"800\" height=\"360\" src=\"https:\/\/www.nexearquitectura.com\/wp-content\/uploads\/2020\/03\/IMG_2132-M-800x360.jpg\" class=\"attachment-carrete-portfolio-panoramic size-carrete-portfolio-panoramic wp-post-image\" alt=\"\" \/><\/span><\/a><span class='text_holder'><span class='text_outer'><span class='text_inner'><span class='feature_holder'><span class=\"feature_holder_icons\"><a class='lightbox hover_icon_holder' title='Gimn\u00e0s i vestidors del Lyc\u00e9e Fran\u00e7ais' href='https:\/\/www.nexearquitectura.com\/wp-content\/uploads\/2020\/03\/IMG_2132-M-scaled.jpg' data-rel='prettyPhoto[pretty_photo_gallery]'><span  class='hover_icon icon_search'><\/span><\/a><a class='preview hover_icon_holder' href='https:\/\/www.nexearquitectura.com\/ca\/projecte\/gimnas-i-vestidors-del-lycee-francais\/' target='_self'><span  class='hover_icon icon_link_alt'><\/span><\/a><\/span><\/span><\/span><\/span><\/span><\/div><div class='portfolio_description '><h5 class=\"portfolio_title\"><a href=\"https:\/\/www.nexearquitectura.com\/ca\/projecte\/gimnas-i-vestidors-del-lycee-francais\/\"  target=\"_self\">Gimn\u00e0s i vestidors del Lyc\u00e9e Fran\u00e7ais<\/a><\/h5><p class=\"portfolio_identifier\"><a href=\"https:\/\/www.nexearquitectura.com\/ca\/projecte\/gimnas-i-vestidors-del-lycee-francais\/\" class=\"portfolio_identifier_link\" target=\"_self\">00<\/a><\/p><span  class=\"project_category\"><\/span><\/div><\/article>\n<article class='mix portfolio_category_166 '><div class='image_holder'><a class='portfolio_link_for_touch' href='https:\/\/www.nexearquitectura.com\/ca\/projecte\/grasses-habitatge-a-poble-sec\/' target='_self'><span class='image'><img decoding=\"async\" width=\"800\" height=\"360\" src=\"https:\/\/www.nexearquitectura.com\/wp-content\/uploads\/2017\/04\/C034_CO_FO_Img-03-800x360.jpg\" class=\"attachment-carrete-portfolio-panoramic size-carrete-portfolio-panoramic wp-post-image\" alt=\"\" \/><\/span><\/a><span class='text_holder'><span class='text_outer'><span class='text_inner'><span class='feature_holder'><span class=\"feature_holder_icons\"><a class='lightbox hover_icon_holder' title='Casa Grasses' href='https:\/\/www.nexearquitectura.com\/wp-content\/uploads\/2017\/04\/C034_CO_FO_Img-03.jpg' data-rel='prettyPhoto[pretty_photo_gallery]'><span  class='hover_icon icon_search'><\/span><\/a><a class='preview hover_icon_holder' href='https:\/\/www.nexearquitectura.com\/ca\/projecte\/grasses-habitatge-a-poble-sec\/' target='_self'><span  class='hover_icon icon_link_alt'><\/span><\/a><\/span><\/span><\/span><\/span><\/span><\/div><div class='portfolio_description '><h5 class=\"portfolio_title\"><a href=\"https:\/\/www.nexearquitectura.com\/ca\/projecte\/grasses-habitatge-a-poble-sec\/\"  target=\"_self\">Casa Grasses<\/a><\/h5><p class=\"portfolio_identifier\"><a href=\"https:\/\/www.nexearquitectura.com\/ca\/projecte\/grasses-habitatge-a-poble-sec\/\" class=\"portfolio_identifier_link\" target=\"_self\">04<\/a><\/p><span  class=\"project_category\">Reforma<\/span><\/div><\/article>\n<article class='mix portfolio_category_166 '><div class='image_holder'><a class='portfolio_link_for_touch' href='https:\/\/www.nexearquitectura.com\/ca\/projecte\/bailen-habitatge-a-l-eixample\/' target='_self'><span class='image'><img decoding=\"async\" width=\"800\" height=\"360\" src=\"https:\/\/www.nexearquitectura.com\/wp-content\/uploads\/2017\/04\/Bailen-43-10-800x360.jpg\" class=\"attachment-carrete-portfolio-panoramic size-carrete-portfolio-panoramic wp-post-image\" alt=\"\" \/><\/span><\/a><span class='text_holder'><span class='text_outer'><span class='text_inner'><span class='feature_holder'><span class=\"feature_holder_icons\"><a class='lightbox hover_icon_holder' title='Casa Bail\u00e9n' href='https:\/\/www.nexearquitectura.com\/wp-content\/uploads\/2017\/04\/Bailen-43-10.jpg' data-rel='prettyPhoto[pretty_photo_gallery]'><span  class='hover_icon icon_search'><\/span><\/a><a class='preview hover_icon_holder' href='https:\/\/www.nexearquitectura.com\/ca\/projecte\/bailen-habitatge-a-l-eixample\/' target='_self'><span  class='hover_icon icon_link_alt'><\/span><\/a><\/span><\/span><\/span><\/span><\/span><\/div><div class='portfolio_description '><h5 class=\"portfolio_title\"><a href=\"https:\/\/www.nexearquitectura.com\/ca\/projecte\/bailen-habitatge-a-l-eixample\/\"  target=\"_self\">Casa Bail\u00e9n<\/a><\/h5><p class=\"portfolio_identifier\"><a href=\"https:\/\/www.nexearquitectura.com\/ca\/projecte\/bailen-habitatge-a-l-eixample\/\" class=\"portfolio_identifier_link\" target=\"_self\">05<\/a><\/p><span  class=\"project_category\">Reforma<\/span><\/div><\/article>\n<article class='mix portfolio_category_165 '><div class='image_holder'><a class='portfolio_link_for_touch' href='https:\/\/www.nexearquitectura.com\/ca\/projecte\/maria-fortuny-habitatge-a-sant-boi\/' target='_self'><span class='image'><img decoding=\"async\" width=\"800\" height=\"360\" src=\"https:\/\/www.nexearquitectura.com\/wp-content\/uploads\/2017\/05\/Casa-Fortuny-Foto-Portada-800x360.jpg\" class=\"attachment-carrete-portfolio-panoramic size-carrete-portfolio-panoramic wp-post-image\" alt=\"\" \/><\/span><\/a><span class='text_holder'><span class='text_outer'><span class='text_inner'><span class='feature_holder'><span class=\"feature_holder_icons\"><a class='lightbox hover_icon_holder' title='Casa Fortuny' href='https:\/\/www.nexearquitectura.com\/wp-content\/uploads\/2017\/05\/Casa-Fortuny-Foto-Portada.jpg' data-rel='prettyPhoto[pretty_photo_gallery]'><span  class='hover_icon icon_search'><\/span><\/a><a class='preview hover_icon_holder' href='https:\/\/www.nexearquitectura.com\/ca\/projecte\/maria-fortuny-habitatge-a-sant-boi\/' target='_self'><span  class='hover_icon icon_link_alt'><\/span><\/a><\/span><\/span><\/span><\/span><\/span><\/div><div class='portfolio_description '><h5 class=\"portfolio_title\"><a href=\"https:\/\/www.nexearquitectura.com\/ca\/projecte\/maria-fortuny-habitatge-a-sant-boi\/\"  target=\"_self\">Casa Fortuny<\/a><\/h5><p class=\"portfolio_identifier\"><a href=\"https:\/\/www.nexearquitectura.com\/ca\/projecte\/maria-fortuny-habitatge-a-sant-boi\/\" class=\"portfolio_identifier_link\" target=\"_self\">06<\/a><\/p><span  class=\"project_category\">Obra nova<\/span><\/div><\/article>\n<article class='mix portfolio_category_166 '><div class='image_holder'><a class='portfolio_link_for_touch' href='https:\/\/www.nexearquitectura.com\/ca\/projecte\/tapioles-habitatge-a-poble-sec\/' target='_self'><span class='image'><img decoding=\"async\" width=\"800\" height=\"360\" src=\"https:\/\/www.nexearquitectura.com\/wp-content\/uploads\/2017\/05\/IMG_1058M_reduced-800x360.jpg\" class=\"attachment-carrete-portfolio-panoramic size-carrete-portfolio-panoramic wp-post-image\" alt=\"\" \/><\/span><\/a><span class='text_holder'><span class='text_outer'><span class='text_inner'><span class='feature_holder'><span class=\"feature_holder_icons\"><a class='lightbox hover_icon_holder' title='Casa Tapioles' href='https:\/\/www.nexearquitectura.com\/wp-content\/uploads\/2017\/05\/IMG_1058M_reduced.jpg' data-rel='prettyPhoto[pretty_photo_gallery]'><span  class='hover_icon icon_search'><\/span><\/a><a class='preview hover_icon_holder' href='https:\/\/www.nexearquitectura.com\/ca\/projecte\/tapioles-habitatge-a-poble-sec\/' target='_self'><span  class='hover_icon icon_link_alt'><\/span><\/a><\/span><\/span><\/span><\/span><\/span><\/div><div class='portfolio_description '><h5 class=\"portfolio_title\"><a href=\"https:\/\/www.nexearquitectura.com\/ca\/projecte\/tapioles-habitatge-a-poble-sec\/\"  target=\"_self\">Casa Tapioles<\/a><\/h5><p class=\"portfolio_identifier\"><a href=\"https:\/\/www.nexearquitectura.com\/ca\/projecte\/tapioles-habitatge-a-poble-sec\/\" class=\"portfolio_identifier_link\" target=\"_self\">07<\/a><\/p><span  class=\"project_category\">Reforma<\/span><\/div><\/article>\n<article class='mix portfolio_category_166 '><div class='image_holder'><a class='portfolio_link_for_touch' href='https:\/\/www.nexearquitectura.com\/ca\/projecte\/pi-i-margall-habitatge-a-arenys-de-mar\/' target='_self'><span class='image'><img decoding=\"async\" width=\"800\" height=\"360\" src=\"https:\/\/www.nexearquitectura.com\/wp-content\/uploads\/2017\/05\/MG_5791_3_reduced-800x360.jpg\" class=\"attachment-carrete-portfolio-panoramic size-carrete-portfolio-panoramic wp-post-image\" alt=\"\" \/><\/span><\/a><span class='text_holder'><span class='text_outer'><span class='text_inner'><span class='feature_holder'><span class=\"feature_holder_icons\"><a class='lightbox hover_icon_holder' title='Casa Arenys' href='https:\/\/www.nexearquitectura.com\/wp-content\/uploads\/2017\/05\/MG_5791_3_reduced.jpg' data-rel='prettyPhoto[pretty_photo_gallery]'><span  class='hover_icon icon_search'><\/span><\/a><a class='preview hover_icon_holder' href='https:\/\/www.nexearquitectura.com\/ca\/projecte\/pi-i-margall-habitatge-a-arenys-de-mar\/' target='_self'><span  class='hover_icon icon_link_alt'><\/span><\/a><\/span><\/span><\/span><\/span><\/span><\/div><div class='portfolio_description '><h5 class=\"portfolio_title\"><a href=\"https:\/\/www.nexearquitectura.com\/ca\/projecte\/pi-i-margall-habitatge-a-arenys-de-mar\/\"  target=\"_self\">Casa Arenys<\/a><\/h5><p class=\"portfolio_identifier\"><a href=\"https:\/\/www.nexearquitectura.com\/ca\/projecte\/pi-i-margall-habitatge-a-arenys-de-mar\/\" class=\"portfolio_identifier_link\" target=\"_self\">08<\/a><\/p><span  class=\"project_category\">Reforma<\/span><\/div><\/article>\n<article class='mix portfolio_category_165 '><div class='image_holder'><a class='portfolio_link_for_touch' href='https:\/\/www.nexearquitectura.com\/ca\/projecte\/baldiri-aleu-exteriors-piscines-complex-esportiu\/' target='_self'><span class='image'><img decoding=\"async\" width=\"800\" height=\"360\" src=\"https:\/\/www.nexearquitectura.com\/wp-content\/uploads\/2017\/05\/IMG_9731M3_reduced-800x360.jpg\" class=\"attachment-carrete-portfolio-panoramic size-carrete-portfolio-panoramic wp-post-image\" alt=\"\" \/><\/span><\/a><span class='text_holder'><span class='text_outer'><span class='text_inner'><span class='feature_holder'><span class=\"feature_holder_icons\"><a class='lightbox hover_icon_holder' title='Piscines Baldiri Aleu' href='https:\/\/www.nexearquitectura.com\/wp-content\/uploads\/2017\/05\/IMG_9731M3_reduced.jpg' data-rel='prettyPhoto[pretty_photo_gallery]'><span  class='hover_icon icon_search'><\/span><\/a><a class='preview hover_icon_holder' href='https:\/\/www.nexearquitectura.com\/ca\/projecte\/baldiri-aleu-exteriors-piscines-complex-esportiu\/' target='_self'><span  class='hover_icon icon_link_alt'><\/span><\/a><\/span><\/span><\/span><\/span><\/span><\/div><div class='portfolio_description '><h5 class=\"portfolio_title\"><a href=\"https:\/\/www.nexearquitectura.com\/ca\/projecte\/baldiri-aleu-exteriors-piscines-complex-esportiu\/\"  target=\"_self\">Piscines Baldiri Aleu<\/a><\/h5><p class=\"portfolio_identifier\"><a href=\"https:\/\/www.nexearquitectura.com\/ca\/projecte\/baldiri-aleu-exteriors-piscines-complex-esportiu\/\" class=\"portfolio_identifier_link\" target=\"_self\">09<\/a><\/p><span  class=\"project_category\">Obra nova<\/span><\/div><\/article>\n<article class='mix portfolio_category_165 '><div class='image_holder'><a class='portfolio_link_for_touch' href='https:\/\/www.nexearquitectura.com\/ca\/projecte\/edifici-a-sant-llorenc-d-hortons\/' target='_self'><span class='image'><img decoding=\"async\" width=\"800\" height=\"360\" src=\"https:\/\/www.nexearquitectura.com\/wp-content\/uploads\/2017\/05\/IMG_7081M2_reduced-800x360.jpg\" class=\"attachment-carrete-portfolio-panoramic size-carrete-portfolio-panoramic wp-post-image\" alt=\"\" \/><\/span><\/a><span class='text_holder'><span class='text_outer'><span class='text_inner'><span class='feature_holder'><span class=\"feature_holder_icons\"><a class='lightbox hover_icon_holder' title='Habitatges Hortons' href='https:\/\/www.nexearquitectura.com\/wp-content\/uploads\/2017\/05\/IMG_7081M2_reduced.jpg' data-rel='prettyPhoto[pretty_photo_gallery]'><span  class='hover_icon icon_search'><\/span><\/a><a class='preview hover_icon_holder' href='https:\/\/www.nexearquitectura.com\/ca\/projecte\/edifici-a-sant-llorenc-d-hortons\/' target='_self'><span  class='hover_icon icon_link_alt'><\/span><\/a><\/span><\/span><\/span><\/span><\/span><\/div><div class='portfolio_description '><h5 class=\"portfolio_title\"><a href=\"https:\/\/www.nexearquitectura.com\/ca\/projecte\/edifici-a-sant-llorenc-d-hortons\/\"  target=\"_self\">Habitatges Hortons<\/a><\/h5><p class=\"portfolio_identifier\"><a href=\"https:\/\/www.nexearquitectura.com\/ca\/projecte\/edifici-a-sant-llorenc-d-hortons\/\" class=\"portfolio_identifier_link\" target=\"_self\">10<\/a><\/p><span  class=\"project_category\">Obra nova<\/span><\/div><\/article>\n<article class='mix portfolio_category_165 '><div class='image_holder'><a class='portfolio_link_for_touch' href='https:\/\/www.nexearquitectura.com\/ca\/projecte\/oviedo-habitatge-a-sant-boi\/' target='_self'><span class='image'><img decoding=\"async\" width=\"800\" height=\"360\" src=\"https:\/\/www.nexearquitectura.com\/wp-content\/uploads\/2017\/05\/Casa-Oviedo-Foto-Portada-800x360.jpg\" class=\"attachment-carrete-portfolio-panoramic size-carrete-portfolio-panoramic wp-post-image\" alt=\"\" \/><\/span><\/a><span class='text_holder'><span class='text_outer'><span class='text_inner'><span class='feature_holder'><span class=\"feature_holder_icons\"><a class='lightbox hover_icon_holder' title='Casa Oviedo' href='https:\/\/www.nexearquitectura.com\/wp-content\/uploads\/2017\/05\/Casa-Oviedo-Foto-Portada.jpg' data-rel='prettyPhoto[pretty_photo_gallery]'><span  class='hover_icon icon_search'><\/span><\/a><a class='preview hover_icon_holder' href='https:\/\/www.nexearquitectura.com\/ca\/projecte\/oviedo-habitatge-a-sant-boi\/' target='_self'><span  class='hover_icon icon_link_alt'><\/span><\/a><\/span><\/span><\/span><\/span><\/span><\/div><div class='portfolio_description '><h5 class=\"portfolio_title\"><a href=\"https:\/\/www.nexearquitectura.com\/ca\/projecte\/oviedo-habitatge-a-sant-boi\/\"  target=\"_self\">Casa Oviedo<\/a><\/h5><p class=\"portfolio_identifier\"><a href=\"https:\/\/www.nexearquitectura.com\/ca\/projecte\/oviedo-habitatge-a-sant-boi\/\" class=\"portfolio_identifier_link\" target=\"_self\">13<\/a><\/p><span  class=\"project_category\">Obra nova<\/span><\/div><\/article>\n<article class='mix portfolio_category_166 '><div class='image_holder'><a class='portfolio_link_for_touch' href='https:\/\/www.nexearquitectura.com\/ca\/projecte\/andriani-habitatge-al-poble-nou\/' target='_self'><span class='image'><img decoding=\"async\" width=\"800\" height=\"360\" src=\"https:\/\/www.nexearquitectura.com\/wp-content\/uploads\/2017\/05\/Copia-de-IMG_20130702_135104_reduced-800x360.jpg\" class=\"attachment-carrete-portfolio-panoramic size-carrete-portfolio-panoramic wp-post-image\" alt=\"\" \/><\/span><\/a><span class='text_holder'><span class='text_outer'><span class='text_inner'><span class='feature_holder'><span class=\"feature_holder_icons\"><a class='lightbox hover_icon_holder' title='Casa Poblenou' href='https:\/\/www.nexearquitectura.com\/wp-content\/uploads\/2017\/05\/Copia-de-IMG_20130702_135104_reduced.jpg' data-rel='prettyPhoto[pretty_photo_gallery]'><span  class='hover_icon icon_search'><\/span><\/a><a class='preview hover_icon_holder' href='https:\/\/www.nexearquitectura.com\/ca\/projecte\/andriani-habitatge-al-poble-nou\/' target='_self'><span  class='hover_icon icon_link_alt'><\/span><\/a><\/span><\/span><\/span><\/span><\/span><\/div><div class='portfolio_description '><h5 class=\"portfolio_title\"><a href=\"https:\/\/www.nexearquitectura.com\/ca\/projecte\/andriani-habitatge-al-poble-nou\/\"  target=\"_self\">Casa Poblenou<\/a><\/h5><p class=\"portfolio_identifier\"><a href=\"https:\/\/www.nexearquitectura.com\/ca\/projecte\/andriani-habitatge-al-poble-nou\/\" class=\"portfolio_identifier_link\" target=\"_self\">14<\/a><\/p><span  class=\"project_category\">Reforma<\/span><\/div><\/article>\n<article class='mix portfolio_category_165 '><div class='image_holder'><a class='portfolio_link_for_touch' href='https:\/\/www.nexearquitectura.com\/ca\/projecte\/mossos-desquadra-comissaria-a-gandesa\/' target='_self'><span class='image'><img decoding=\"async\" width=\"800\" height=\"360\" src=\"https:\/\/www.nexearquitectura.com\/wp-content\/uploads\/2017\/05\/IMG_9756M2_reduced-800x360.jpg\" class=\"attachment-carrete-portfolio-panoramic size-carrete-portfolio-panoramic wp-post-image\" alt=\"\" \/><\/span><\/a><span class='text_holder'><span class='text_outer'><span class='text_inner'><span class='feature_holder'><span class=\"feature_holder_icons\"><a class='lightbox hover_icon_holder' title='Comissaria de policia Gandesa' href='https:\/\/www.nexearquitectura.com\/wp-content\/uploads\/2017\/05\/IMG_9756M2_reduced.jpg' data-rel='prettyPhoto[pretty_photo_gallery]'><span  class='hover_icon icon_search'><\/span><\/a><a class='preview hover_icon_holder' href='https:\/\/www.nexearquitectura.com\/ca\/projecte\/mossos-desquadra-comissaria-a-gandesa\/' target='_self'><span  class='hover_icon icon_link_alt'><\/span><\/a><\/span><\/span><\/span><\/span><\/span><\/div><div class='portfolio_description '><h5 class=\"portfolio_title\"><a href=\"https:\/\/www.nexearquitectura.com\/ca\/projecte\/mossos-desquadra-comissaria-a-gandesa\/\"  target=\"_self\">Comissaria de policia Gandesa<\/a><\/h5><p class=\"portfolio_identifier\"><a href=\"https:\/\/www.nexearquitectura.com\/ca\/projecte\/mossos-desquadra-comissaria-a-gandesa\/\" class=\"portfolio_identifier_link\" target=\"_self\">15<\/a><\/p><span  class=\"project_category\">Obra nova<\/span><\/div><\/article>\n<article class='mix portfolio_category_166 '><div class='image_holder'><a class='portfolio_link_for_touch' href='https:\/\/www.nexearquitectura.com\/ca\/projecte\/lalou-habitatge-a-sant-boi\/' target='_self'><span class='image'><img decoding=\"async\" width=\"800\" height=\"360\" src=\"https:\/\/www.nexearquitectura.com\/wp-content\/uploads\/2017\/05\/IMG_0847-2017_reduced-1-800x360.jpg\" class=\"attachment-carrete-portfolio-panoramic size-carrete-portfolio-panoramic wp-post-image\" alt=\"\" \/><\/span><\/a><span class='text_holder'><span class='text_outer'><span class='text_inner'><span class='feature_holder'><span class=\"feature_holder_icons\"><a class='lightbox hover_icon_holder' title='Casa L&#8217;Alou' href='https:\/\/www.nexearquitectura.com\/wp-content\/uploads\/2017\/05\/IMG_0847-2017_reduced-1.jpg' data-rel='prettyPhoto[pretty_photo_gallery]'><span  class='hover_icon icon_search'><\/span><\/a><a class='preview hover_icon_holder' href='https:\/\/www.nexearquitectura.com\/ca\/projecte\/lalou-habitatge-a-sant-boi\/' target='_self'><span  class='hover_icon icon_link_alt'><\/span><\/a><\/span><\/span><\/span><\/span><\/span><\/div><div class='portfolio_description '><h5 class=\"portfolio_title\"><a href=\"https:\/\/www.nexearquitectura.com\/ca\/projecte\/lalou-habitatge-a-sant-boi\/\"  target=\"_self\">Casa L&#8217;Alou<\/a><\/h5><p class=\"portfolio_identifier\"><a href=\"https:\/\/www.nexearquitectura.com\/ca\/projecte\/lalou-habitatge-a-sant-boi\/\" class=\"portfolio_identifier_link\" target=\"_self\">16<\/a><\/p><span  class=\"project_category\">Reforma<\/span><\/div><\/article>\n<article class='mix portfolio_category_166 '><div class='image_holder'><a class='portfolio_link_for_touch' href='https:\/\/www.nexearquitectura.com\/ca\/projecte\/pere-negre-edifici-habitatges-a-llanca\/' target='_self'><span class='image'><img decoding=\"async\" width=\"800\" height=\"360\" src=\"https:\/\/www.nexearquitectura.com\/wp-content\/uploads\/2017\/05\/IMG_9109M2_reduced-800x360.jpg\" class=\"attachment-carrete-portfolio-panoramic size-carrete-portfolio-panoramic wp-post-image\" alt=\"\" \/><\/span><\/a><span class='text_holder'><span class='text_outer'><span class='text_inner'><span class='feature_holder'><span class=\"feature_holder_icons\"><a class='lightbox hover_icon_holder' title='Habitatges Llan\u00e7\u00e0' href='https:\/\/www.nexearquitectura.com\/wp-content\/uploads\/2017\/05\/IMG_9109M2_reduced.jpg' data-rel='prettyPhoto[pretty_photo_gallery]'><span  class='hover_icon icon_search'><\/span><\/a><a class='preview hover_icon_holder' href='https:\/\/www.nexearquitectura.com\/ca\/projecte\/pere-negre-edifici-habitatges-a-llanca\/' target='_self'><span  class='hover_icon icon_link_alt'><\/span><\/a><\/span><\/span><\/span><\/span><\/span><\/div><div class='portfolio_description '><h5 class=\"portfolio_title\"><a href=\"https:\/\/www.nexearquitectura.com\/ca\/projecte\/pere-negre-edifici-habitatges-a-llanca\/\"  target=\"_self\">Habitatges Llan\u00e7\u00e0<\/a><\/h5><p class=\"portfolio_identifier\"><a href=\"https:\/\/www.nexearquitectura.com\/ca\/projecte\/pere-negre-edifici-habitatges-a-llanca\/\" class=\"portfolio_identifier_link\" target=\"_self\">17<\/a><\/p><span  class=\"project_category\">Reforma<\/span><\/div><\/article>\n<article class='mix portfolio_category_166 '><div class='image_holder'><a class='portfolio_link_for_touch' href='https:\/\/www.nexearquitectura.com\/ca\/projecte\/odonnell-habitatge-a-sant-boi\/' target='_self'><span class='image'><img decoding=\"async\" width=\"800\" height=\"360\" src=\"https:\/\/www.nexearquitectura.com\/wp-content\/uploads\/2017\/05\/ODONELL-revista14M_reduced-800x360.jpg\" class=\"attachment-carrete-portfolio-panoramic size-carrete-portfolio-panoramic wp-post-image\" alt=\"\" \/><\/span><\/a><span class='text_holder'><span class='text_outer'><span class='text_inner'><span class='feature_holder'><span class=\"feature_holder_icons\"><a class='lightbox hover_icon_holder' title='Casa O&#8217;Donnell' href='https:\/\/www.nexearquitectura.com\/wp-content\/uploads\/2017\/05\/ODONELL-revista14M_reduced.jpg' data-rel='prettyPhoto[pretty_photo_gallery]'><span  class='hover_icon icon_search'><\/span><\/a><a class='preview hover_icon_holder' href='https:\/\/www.nexearquitectura.com\/ca\/projecte\/odonnell-habitatge-a-sant-boi\/' target='_self'><span  class='hover_icon icon_link_alt'><\/span><\/a><\/span><\/span><\/span><\/span><\/span><\/div><div class='portfolio_description '><h5 class=\"portfolio_title\"><a href=\"https:\/\/www.nexearquitectura.com\/ca\/projecte\/odonnell-habitatge-a-sant-boi\/\"  target=\"_self\">Casa O&#8217;Donnell<\/a><\/h5><p class=\"portfolio_identifier\"><a href=\"https:\/\/www.nexearquitectura.com\/ca\/projecte\/odonnell-habitatge-a-sant-boi\/\" class=\"portfolio_identifier_link\" target=\"_self\">18<\/a><\/p><span  class=\"project_category\">Reforma<\/span><\/div><\/article>\n<article class='mix portfolio_category_165 '><div class='image_holder'><a class='portfolio_link_for_touch' href='https:\/\/www.nexearquitectura.com\/ca\/projecte\/asein-edifici-i-oficines-a-sant-boi\/' target='_self'><span class='image'><img decoding=\"async\" width=\"800\" height=\"360\" src=\"https:\/\/www.nexearquitectura.com\/wp-content\/uploads\/2017\/05\/21_0057_reduced-1-800x360.jpg\" class=\"attachment-carrete-portfolio-panoramic size-carrete-portfolio-panoramic wp-post-image\" alt=\"\" \/><\/span><\/a><span class='text_holder'><span class='text_outer'><span class='text_inner'><span class='feature_holder'><span class=\"feature_holder_icons\"><a class='lightbox hover_icon_holder' title='Magatzem log\u00edstic Asein' href='https:\/\/www.nexearquitectura.com\/wp-content\/uploads\/2017\/05\/21_0057_reduced-1.jpg' data-rel='prettyPhoto[pretty_photo_gallery]'><span  class='hover_icon icon_search'><\/span><\/a><a class='preview hover_icon_holder' href='https:\/\/www.nexearquitectura.com\/ca\/projecte\/asein-edifici-i-oficines-a-sant-boi\/' target='_self'><span  class='hover_icon icon_link_alt'><\/span><\/a><\/span><\/span><\/span><\/span><\/span><\/div><div class='portfolio_description '><h5 class=\"portfolio_title\"><a href=\"https:\/\/www.nexearquitectura.com\/ca\/projecte\/asein-edifici-i-oficines-a-sant-boi\/\"  target=\"_self\">Magatzem log\u00edstic Asein<\/a><\/h5><p class=\"portfolio_identifier\"><a href=\"https:\/\/www.nexearquitectura.com\/ca\/projecte\/asein-edifici-i-oficines-a-sant-boi\/\" class=\"portfolio_identifier_link\" target=\"_self\">20<\/a><\/p><span  class=\"project_category\">Obra nova<\/span><\/div><\/article>\n<article class='mix portfolio_category_166 '><div class='image_holder'><a class='portfolio_link_for_touch' href='https:\/\/www.nexearquitectura.com\/ca\/projecte\/europa-habitatge-a-les-corts\/' target='_self'><span class='image'><img decoding=\"async\" width=\"800\" height=\"360\" src=\"https:\/\/www.nexearquitectura.com\/wp-content\/uploads\/2017\/05\/P1170343M_reduced-800x360.jpg\" class=\"attachment-carrete-portfolio-panoramic size-carrete-portfolio-panoramic wp-post-image\" alt=\"\" \/><\/span><\/a><span class='text_holder'><span class='text_outer'><span class='text_inner'><span class='feature_holder'><span class=\"feature_holder_icons\"><a class='lightbox hover_icon_holder' title='Casa Europa' href='https:\/\/www.nexearquitectura.com\/wp-content\/uploads\/2017\/05\/P1170343M_reduced.jpg' data-rel='prettyPhoto[pretty_photo_gallery]'><span  class='hover_icon icon_search'><\/span><\/a><a class='preview hover_icon_holder' href='https:\/\/www.nexearquitectura.com\/ca\/projecte\/europa-habitatge-a-les-corts\/' target='_self'><span  class='hover_icon icon_link_alt'><\/span><\/a><\/span><\/span><\/span><\/span><\/span><\/div><div class='portfolio_description '><h5 class=\"portfolio_title\"><a href=\"https:\/\/www.nexearquitectura.com\/ca\/projecte\/europa-habitatge-a-les-corts\/\"  target=\"_self\">Casa Europa<\/a><\/h5><p class=\"portfolio_identifier\"><a href=\"https:\/\/www.nexearquitectura.com\/ca\/projecte\/europa-habitatge-a-les-corts\/\" class=\"portfolio_identifier_link\" target=\"_self\">23<\/a><\/p><span  class=\"project_category\">Reforma<\/span><\/div><\/article>\n<article class='mix portfolio_category_166 '><div class='image_holder'><a class='portfolio_link_for_touch' href='https:\/\/www.nexearquitectura.com\/ca\/projecte\/quitxalla-escola-bressol\/' target='_self'><span class='image'><img decoding=\"async\" width=\"800\" height=\"360\" src=\"https:\/\/www.nexearquitectura.com\/wp-content\/uploads\/2017\/05\/IMG_5169-2017_reduced-1-800x360.jpg\" class=\"attachment-carrete-portfolio-panoramic size-carrete-portfolio-panoramic wp-post-image\" alt=\"\" \/><\/span><\/a><span class='text_holder'><span class='text_outer'><span class='text_inner'><span class='feature_holder'><span class=\"feature_holder_icons\"><a class='lightbox hover_icon_holder' title='Escola Bressol Quitxalla' href='https:\/\/www.nexearquitectura.com\/wp-content\/uploads\/2017\/05\/IMG_5169-2017_reduced-1.jpg' data-rel='prettyPhoto[pretty_photo_gallery]'><span  class='hover_icon icon_search'><\/span><\/a><a class='preview hover_icon_holder' href='https:\/\/www.nexearquitectura.com\/ca\/projecte\/quitxalla-escola-bressol\/' target='_self'><span  class='hover_icon icon_link_alt'><\/span><\/a><\/span><\/span><\/span><\/span><\/span><\/div><div class='portfolio_description '><h5 class=\"portfolio_title\"><a href=\"https:\/\/www.nexearquitectura.com\/ca\/projecte\/quitxalla-escola-bressol\/\"  target=\"_self\">Escola Bressol Quitxalla<\/a><\/h5><p class=\"portfolio_identifier\"><a href=\"https:\/\/www.nexearquitectura.com\/ca\/projecte\/quitxalla-escola-bressol\/\" class=\"portfolio_identifier_link\" target=\"_self\">24<\/a><\/p><span  class=\"project_category\">Reforma<\/span><\/div><\/article>\n<div class='filler'><\/div>\n<div class='filler'><\/div>\n<\/div><\/div>[\/vc_column][\/vc_row]<\/p>\n","protected":false},"excerpt":{"rendered":"<p>[vc_row row_type=&#8221;row&#8221; type=&#8221;full_width&#8221; text_align=&#8221;left&#8221; video=&#8221;&#8221; css_animation=&#8221;&#8221;][vc_column][\/vc_column][\/vc_row]<\/p>\n","protected":false},"author":1,"featured_media":0,"parent":0,"menu_order":0,"comment_status":"closed","ping_status":"closed","template":"","meta":{"_acf_changed":false,"footnotes":"","_links_to":"","_links_to_target":""},"class_list":["post-81","page","type-page","status-publish","hentry"],"acf":[],"yoast_head":"<!-- This site is optimized with the Yoast SEO plugin v25.2 - https:\/\/yoast.com\/wordpress\/plugins\/seo\/ -->\n<title>Projectes - Nexe arquitectura | Josep Carret\u00e9<\/title>\n<meta name=\"description\" content=\"Mostra de projectes realitzats per l&#039;estudi professional Nexe arquitectura a Sant Boi de Llobregat, Barcelona. Reformes i obres noves.\" \/>\n<meta name=\"robots\" content=\"index, follow, max-snippet:-1, max-image-preview:large, max-video-preview:-1\" \/>\n<link rel=\"canonical\" href=\"https:\/\/www.nexearquitectura.com\/ca\/projectes\/\" \/>\n<meta property=\"og:locale\" content=\"ca_ES\" \/>\n<meta property=\"og:type\" content=\"article\" \/>\n<meta property=\"og:title\" content=\"Projectes - Nexe arquitectura | Josep Carret\u00e9\" \/>\n<meta property=\"og:description\" content=\"Mostra de projectes realitzats per l&#039;estudi professional Nexe arquitectura a Sant Boi de Llobregat, Barcelona. Reformes i obres noves.\" \/>\n<meta property=\"og:url\" content=\"https:\/\/www.nexearquitectura.com\/ca\/projectes\/\" \/>\n<meta property=\"og:site_name\" content=\"Nexe arquitectura\" \/>\n<meta property=\"article:modified_time\" content=\"2018-09-20T09:22:10+00:00\" \/>\n<meta property=\"og:image\" content=\"https:\/\/www.nexearquitectura.com\/wp-content\/uploads\/2017\/05\/Nexe_logo3-1.png\" \/>\n\t<meta property=\"og:image:width\" content=\"2481\" \/>\n\t<meta property=\"og:image:height\" content=\"500\" \/>\n\t<meta property=\"og:image:type\" content=\"image\/png\" \/>\n<meta name=\"twitter:card\" content=\"summary_large_image\" \/>\n<!-- \/ Yoast SEO plugin. -->","yoast_head_json":{"title":"Projectes - Nexe arquitectura | Josep Carret\u00e9","description":"Mostra de projectes realitzats per l'estudi professional Nexe arquitectura a Sant Boi de Llobregat, Barcelona. Reformes i obres noves.","robots":{"index":"index","follow":"follow","max-snippet":"max-snippet:-1","max-image-preview":"max-image-preview:large","max-video-preview":"max-video-preview:-1"},"canonical":"https:\/\/www.nexearquitectura.com\/ca\/projectes\/","og_locale":"ca_ES","og_type":"article","og_title":"Projectes - Nexe arquitectura | Josep Carret\u00e9","og_description":"Mostra de projectes realitzats per l'estudi professional Nexe arquitectura a Sant Boi de Llobregat, Barcelona. Reformes i obres noves.","og_url":"https:\/\/www.nexearquitectura.com\/ca\/projectes\/","og_site_name":"Nexe arquitectura","article_modified_time":"2018-09-20T09:22:10+00:00","og_image":[{"width":2481,"height":500,"url":"https:\/\/www.nexearquitectura.com\/wp-content\/uploads\/2017\/05\/Nexe_logo3-1.png","type":"image\/png"}],"twitter_card":"summary_large_image","schema":{"@context":"https:\/\/schema.org","@graph":[{"@type":"WebPage","@id":"https:\/\/www.nexearquitectura.com\/ca\/projectes\/","url":"https:\/\/www.nexearquitectura.com\/ca\/projectes\/","name":"Projectes - Nexe arquitectura | Josep Carret\u00e9","isPartOf":{"@id":"https:\/\/www.nexearquitectura.com\/ca\/#website"},"datePublished":"2017-05-03T10:52:23+00:00","dateModified":"2018-09-20T09:22:10+00:00","description":"Mostra de projectes realitzats per l'estudi professional Nexe arquitectura a Sant Boi de Llobregat, Barcelona. Reformes i obres noves.","breadcrumb":{"@id":"https:\/\/www.nexearquitectura.com\/ca\/projectes\/#breadcrumb"},"inLanguage":"ca","potentialAction":[{"@type":"ReadAction","target":["https:\/\/www.nexearquitectura.com\/ca\/projectes\/"]}]},{"@type":"BreadcrumbList","@id":"https:\/\/www.nexearquitectura.com\/ca\/projectes\/#breadcrumb","itemListElement":[{"@type":"ListItem","position":1,"name":"Portada","item":"https:\/\/www.nexearquitectura.com\/ca\/"},{"@type":"ListItem","position":2,"name":"Projectes"}]},{"@type":"WebSite","@id":"https:\/\/www.nexearquitectura.com\/ca\/#website","url":"https:\/\/www.nexearquitectura.com\/ca\/","name":"Nexe arquitectura","description":"Josep Carret\u00e9","publisher":{"@id":"https:\/\/www.nexearquitectura.com\/ca\/#organization"},"potentialAction":[{"@type":"SearchAction","target":{"@type":"EntryPoint","urlTemplate":"https:\/\/www.nexearquitectura.com\/ca\/?s={search_term_string}"},"query-input":{"@type":"PropertyValueSpecification","valueRequired":true,"valueName":"search_term_string"}}],"inLanguage":"ca"},{"@type":"Organization","@id":"https:\/\/www.nexearquitectura.com\/ca\/#organization","name":"Nexe Arquitectura","url":"https:\/\/www.nexearquitectura.com\/ca\/","logo":{"@type":"ImageObject","inLanguage":"ca","@id":"https:\/\/www.nexearquitectura.com\/ca\/#\/schema\/logo\/image\/","url":"https:\/\/www.nexearquitectura.com\/wp-content\/uploads\/2017\/05\/Nexe_logo3-1.png","contentUrl":"https:\/\/www.nexearquitectura.com\/wp-content\/uploads\/2017\/05\/Nexe_logo3-1.png","width":2481,"height":500,"caption":"Nexe Arquitectura"},"image":{"@id":"https:\/\/www.nexearquitectura.com\/ca\/#\/schema\/logo\/image\/"}}]}},"_links":{"self":[{"href":"https:\/\/www.nexearquitectura.com\/ca\/wp-json\/wp\/v2\/pages\/81","targetHints":{"allow":["GET"]}}],"collection":[{"href":"https:\/\/www.nexearquitectura.com\/ca\/wp-json\/wp\/v2\/pages"}],"about":[{"href":"https:\/\/www.nexearquitectura.com\/ca\/wp-json\/wp\/v2\/types\/page"}],"author":[{"embeddable":true,"href":"https:\/\/www.nexearquitectura.com\/ca\/wp-json\/wp\/v2\/users\/1"}],"replies":[{"embeddable":true,"href":"https:\/\/www.nexearquitectura.com\/ca\/wp-json\/wp\/v2\/comments?post=81"}],"version-history":[{"count":9,"href":"https:\/\/www.nexearquitectura.com\/ca\/wp-json\/wp\/v2\/pages\/81\/revisions"}],"predecessor-version":[{"id":20422,"href":"https:\/\/www.nexearquitectura.com\/ca\/wp-json\/wp\/v2\/pages\/81\/revisions\/20422"}],"wp:attachment":[{"href":"https:\/\/www.nexearquitectura.com\/ca\/wp-json\/wp\/v2\/media?parent=81"}],"curies":[{"name":"wp","href":"https:\/\/api.w.org\/{rel}","templated":true}]}}